{"id":4972,"date":"2014-04-10T08:46:19","date_gmt":"2014-04-10T07:46:19","guid":{"rendered":"http:\/\/www.sdhsvatepole.cz\/?page_id=4972"},"modified":"2022-04-16T20:55:20","modified_gmt":"2022-04-16T18:55:20","slug":"kalendar-akci","status":"publish","type":"page","link":"https:\/\/www.sdhsvatepole.cz\/archiv\/kalendar-akci\/","title":{"rendered":"Kalend\u00e1\u0159 akc\u00ed"},"content":{"rendered":"<h3><img decoding=\"async\" class=\"alignright wp-image-7444 size-full\" src=\"https:\/\/www.sdhsvatepole.cz\/archiv\/wp-content\/uploads\/2014\/04\/kalendar-akci-sdh-svate-pole.jpg\" alt=\"\" width=\"211\" height=\"158\"><\/h3>\n<h3><span style=\"color: #ff0000;\">N\u00ed\u017ee m\u016f\u017eete proch\u00e1zet pl\u00e1novan\u00e9 a ji\u017e prob\u011bhl\u00e9 akce po\u0159\u00e1dan\u00e9 s \u00fa\u010dast\u00ed, nebo pod z\u00e1\u0161titou SDH Svat\u00e9 Pole.<\/span> Jedn\u00e1 se o sportovn\u00ed akce, kulturn\u00ed akce pro ob\u010dany a d\u011bti, d\u00e1le tak\u00e9 pl\u00e1novanou prosp\u011b\u0161nou \u010dinnost.<\/h3>\n<p><strong>Krom\u011b pl\u00e1novan\u00fdch akc\u00ed se kon\u00e1 ka\u017ed\u00e9 prvn\u00ed \u00fater\u00fd v m\u011bs\u00edci sch\u016fze v\u00fdboru SDH v\u017edy od 19:00 hod. v <a href=\"https:\/\/www.google.cz\/maps\/search\/restaurace+na+chmelnici+svat%C3%A9+pole\/@49.750173,14.169535,3a,75y,84.5h,90t\/data=!3m4!1e1!3m2!1ssywGoXb4wjwKLAQ769AF_w!2e0\" target=\"_blank\" rel=\"noopener noreferrer\">restauraci Na Chmelnici, Svat\u00e9 Pole<\/a>, p\u0159\u00edpadn\u011b v <a href=\"https:\/\/www.google.cz\/maps\/@49.7521403,14.1685103,3a,79.8y,210.94h,75.11t\/data=!3m6!1e1!3m4!1sdsfU86JR-zxXw-7FLp5yYA!2e0!7i13312!8i6656!6m1!1e1\" target=\"_blank\" rel=\"noopener noreferrer\">hasi\u010dsk\u00e9 zbrojnici.<\/a><\/strong><\/p>\n<h3>Pl\u00e1novan\u00e9 akce &#8211; rok 2022<\/h3>\n<p><span style=\"color: #000000;\">ZA\u0301VODY HASIC\u030cSKE\u0301 LIGY v roce 2022 &#8211; THL-BL-BN<\/span> &#8211; <a href=\"https:\/\/www.sdhsvatepole.cz\/archiv\/wp-content\/uploads\/2022\/04\/Za\u0301vody-2022.pdf\" target=\"_blank\" rel=\"noopener\">tabulka ke sta\u017een\u00ed zde ve form\u00e1tu PDF<\/a><\/p>\n<p><a href=\"https:\/\/www.sdhsvatepole.cz\/archiv\/wp-content\/uploads\/2022\/04\/ZA\u0301VODY-HASIC\u030cSKE\u0301-LIGY-v-roce-2022-THL-BL-BN.png\" target=\"_blank\" rel=\"noopener\"><img decoding=\"async\" class=\"alignleft wp-image-10325 size-full\" src=\"https:\/\/www.sdhsvatepole.cz\/archiv\/wp-content\/uploads\/2022\/04\/ZA\u0301VODY-HASIC\u030cSKE\u0301-LIGY-v-roce-2022-THL-BL-BN.png\" alt=\"\" width=\"441\" height=\"858\" srcset=\"https:\/\/www.sdhsvatepole.cz\/archiv\/wp-content\/uploads\/2022\/04\/ZA\u0301VODY-HASIC\u030cSKE\u0301-LIGY-v-roce-2022-THL-BL-BN-154x300.png 154w, https:\/\/www.sdhsvatepole.cz\/archiv\/wp-content\/uploads\/2022\/04\/ZA\u0301VODY-HASIC\u030cSKE\u0301-LIGY-v-roce-2022-THL-BL-BN-200x389.png 200w, https:\/\/www.sdhsvatepole.cz\/archiv\/wp-content\/uploads\/2022\/04\/ZA\u0301VODY-HASIC\u030cSKE\u0301-LIGY-v-roce-2022-THL-BL-BN-400x778.png 400w, https:\/\/www.sdhsvatepole.cz\/archiv\/wp-content\/uploads\/2022\/04\/ZA\u0301VODY-HASIC\u030cSKE\u0301-LIGY-v-roce-2022-THL-BL-BN.png 441w\" sizes=\"(max-width: 441px) 100vw, 441px\" \/><\/a><\/p>\n<h3>&nbsp;<\/h3>\n<h3>&nbsp;<\/h3>\n<h3>&nbsp;<\/h3>\n<h3>&nbsp;<\/h3>\n<h3>&nbsp;<\/h3>\n<h3>&nbsp;<\/h3>\n<h3>&nbsp;<\/h3>\n<h3>&nbsp;<\/h3>\n<h3>&nbsp;<\/h3>\n<h3>&nbsp;<\/h3>\n<h3>&nbsp;<\/h3>\n<h3>&nbsp;<\/h3>\n<h3>&nbsp;<\/h3>\n<h3>&nbsp;<\/h3>\n<h3>&nbsp;<\/h3>\n<h3>&nbsp;<\/h3>\n<h3>&nbsp;<\/h3>\n<h3>&nbsp;<\/h3>\n<h3>&nbsp;<\/h3>\n<h3>&nbsp;<\/h3>\n<h3>&nbsp;<\/h3>\n<h3>&nbsp;<\/h3>\n<h3>Pl\u00e1novan\u00e9 akce &#8211; rok 2020<\/h3>\n<p class=\"p1\"><span class=\"s1\">4.1. sobota<span class=\"Apple-converted-space\"> &#8211; <\/span>Hasi\u010dsk\u00fd ples &#8211; kulturn\u00ed d\u016fm Svat\u00e9 Pole<br \/>\n<\/span><span class=\"s1\">11.1. sobota<span class=\"Apple-converted-space\"> &#8211; <\/span>Doln\u00ed Hradi\u0161t\u011b &#8211; ICE Cup okres<span class=\"Apple-converted-space\">&nbsp; <\/span>Plze\u0148-sever<br \/>\n<\/span><span class=\"s1\">25.1. sobota<span class=\"Apple-converted-space\"> &#8211; <\/span>Un\u011b\u0161ov &#8211; ICE Cup okres<span class=\"Apple-converted-space\">&nbsp; <\/span>Plze\u0148-sever<br \/>\n<\/span><span class=\"s1\">8.2. sobota <span class=\"Apple-converted-space\">&#8211; <\/span>Pln\u011bn\u00ed odbornost\u00ed<span class=\"Apple-converted-space\">&nbsp; <\/span>MH &#8211; klubovna SDH<br \/>\n<\/span><span class=\"s1\">8.2. sobota <span class=\"Apple-converted-space\">&#8211; <\/span>Nev\u0159e\u0148 &#8211; ICE<span class=\"Apple-converted-space\">&nbsp; <\/span>Cup<span class=\"Apple-converted-space\">&nbsp; <\/span>okres<span class=\"Apple-converted-space\">&nbsp; <\/span>Plze\u0148-sever<br \/>\n<\/span><span class=\"s1\">16.2. ned\u011ble <span class=\"Apple-converted-space\">&#8211; <\/span>P\u0159\u00edpravka &#8211; zimn\u00ed sout\u011b\u017e &#8211; Podles\u00ed pivovar<br \/>\n<\/span><span class=\"s1\">22.2. sobota <span class=\"Apple-converted-space\">&#8211; <\/span>\u0160kolen\u00ed rozhod\u010d\u00edch<span class=\"Apple-converted-space\">&nbsp; <\/span>MH &#8211; Bohostice<br \/>\n<\/span><span class=\"s1\">7.3. sobota<span class=\"Apple-converted-space\"> &#8211; <\/span>\u0160kolen\u00ed rozhod\u010d\u00edch PS (dosp\u011bl\u00ed) &#8211; B\u0159ezov\u00e9 Hory<br \/>\n<\/span><span class=\"s1\">23.3. sobota<span class=\"Apple-converted-space\"> &#8211; <\/span>Setk\u00e1n\u00ed z\u00e1stupc\u016f SDH &#8211; Kr\u00e1sn\u00e1 Hora nad Vlavou<br \/>\n<\/span><span class=\"s1\">28.3. sobota<span class=\"Apple-converted-space\"> &#8211; <\/span>MH &#8211; ZPV &#8211; Plamen &#8211; Vysok\u00fd Chlumec<br \/>\n<\/span><span class=\"s1\">5.4. ned\u011ble<span class=\"Apple-converted-space\"> &#8211; <\/span>P\u0159\u00edpravka &#8211; ZPV &#8211; Podles\u00ed<br \/>\n<\/span><span class=\"s1\">11.4. sobota<span class=\"Apple-converted-space\"> &#8211;&nbsp;<\/span>Zde\u0161ov &#8211; Velikono\u010dn\u00ed sout\u011b\u017e &#8211; okres<span class=\"Apple-converted-space\">&nbsp; <\/span>Jind\u0159ich\u016fv Hradec<br \/>\n<\/span><span class=\"s1\">18.4. sobota<span class=\"Apple-converted-space\"> &#8211;&nbsp; <\/span>1.kolo plamen &#8211; Ro\u017emit\u00e1l pod T\u0159em\u0161\u00ednem<br \/>\n<\/span><span class=\"s1\">30.4. \u010dtvrtek<span class=\"Apple-converted-space\"> &#8211; <\/span>Stav\u011bn\u00ed m\u00e1je &#8211; n\u00e1ves Svat\u00e9 Pole<br \/>\n<\/span><span class=\"s1\">9.5. sobota<span class=\"Apple-converted-space\"> &#8211;&nbsp;<\/span>Okrsek 29. Svat\u00e9 Pole ?<br \/>\n<\/span><span class=\"s1\">16.5. sobota <span class=\"Apple-converted-space\">&#8211; <\/span>THL &#8211; Dvorce &#8211; veter\u00e1n &#8211; okres T\u00e1bor<br \/>\n<\/span><span class=\"s1\">23.5. sobota &#8211;<span class=\"Apple-converted-space\">&nbsp;<\/span>THL &#8211; \u017d\u010f\u00e1r &#8211; veter\u00e1n &#8211; okres Jind\u0159ich\u016fv Hradec<br \/>\n<\/span><span class=\"s1\">24.5. ned\u011ble<span class=\"Apple-converted-space\"> &#8211; <\/span>Ukon\u010den\u00ed z\u00e1kladn\u00edch kol okresu P\u0159\u00edbram<br \/>\n<\/span><span class=\"s1\">30.5. sobota<span class=\"Apple-converted-space\"> &#8211; <\/span>Z\u00e1v\u011br hry<span class=\"Apple-converted-space\">&nbsp; <\/span>Plamen 2019 &#8211; B\u0159eznice<br \/>\n<\/span>5-6.6. sobota <span class=\"Apple-converted-space\">&#8211; <\/span>120 let SDH Svat\u00e9 Pole <a href=\"https:\/\/www.sdhsvatepole.cz\/archiv\/pozvanka-na-oslavu-120-let-trvani-sdh-ve-svatem-poli\/\">\u010d\u00edst v\u00edce &gt;<\/a><br \/>\n<span class=\"s1\">7.6. ned\u011ble &#8211; p\u0159\u00edpravka &#8212;&#8212; ????<br \/>\n<\/span>13.6. sobota &#8211; BL &#8211; K\u0159e\u010dovice<br \/>\n14.6. ned\u011ble &#8211; BL &#8211; Rad\u00ed\u010d<br \/>\n20.6. sobota &#8211; THL &#8211; Chrbon\u00edn &#8211; okres T\u00e1bor<br \/>\n27.6. sobota <span class=\"Apple-converted-space\">&#8211; <\/span>THL &#8211; Tu\u010dapy &#8211; 27.veter\u00e1n &#8211; okres T\u00e1bor<br \/>\n27.6<span class=\"Apple-converted-space\">&nbsp; s<\/span>obota<span class=\"Apple-converted-space\"> &#8211; <\/span>BL &#8211; Zalu\u017eany<br \/>\n28.6. ned\u011ble &#8211; BL &#8211; Chr\u00e1st<br \/>\n22.6. &#8211; 28.6. &#8211; Soust\u0159ed\u011bn\u00ed mlad\u00fdch hasi\u010d\u016f &#8211; \u0160t\u011bdron\u00edn<br \/>\n<span class=\"s1\">4.7. sobota &#8211; THL &#8211; Slapy &#8211; veter\u00e1n &#8211; okres T\u00e1bor<br \/>\n<\/span><span class=\"s1\">18.7. sobota &#8211; THL &#8211; Strmilov &#8211; okres Jind\u0159ich\u016fv Hradec<br \/>\n<\/span><span class=\"s1\">19.7. ned\u011ble &#8211; THL &#8211; Nov\u00e1 Ves u Ch\u00fdnova &#8211; okres T\u00e1bor<br \/>\n<\/span><span class=\"s1\">25.7. sobota &#8211; THL &#8211; Jaronice &#8211; okres \u010cesk\u00e9 Bud\u011bjovice<br \/>\n<\/span><span class=\"s1\">25.7. sobota &#8211; BL &#8211; Mal\u00e9 P\u0159\u00edpepy<br \/>\n<\/span><span class=\"s1\">26.7. ned\u011ble &#8211; BL &#8211; Broumy<br \/>\n<\/span><span class=\"s1\">1.8. sobota &#8211; BL &#8211; Jesenice<br \/>\n<\/span>2.8. ned\u011ble &#8211; BL &#8211; Jesenice<br \/>\n<span class=\"s1\">8.8. sobota<span class=\"Apple-converted-space\"> &#8211; <\/span>THL &#8211; \u0158epe\u010d &#8211; veter\u00e1n &#8211; okres T\u00e1bor<br \/>\n<\/span><span class=\"s1\">15.8. sobota &#8211; THL &#8211; Chot\u011bmice &#8211; okres T\u00e1bor<br \/>\n<\/span><span class=\"s1\">15.8. sobota<span class=\"Apple-converted-space\"> &#8211; <\/span>BL &#8211; Sedl\u010dany<br \/>\n<\/span><span class=\"s1\">16.8. ned\u011ble<span class=\"Apple-converted-space\"> &#8211; <\/span>BL &#8211; Sedl\u010dany<br \/>\n<\/span><span class=\"s1\">22.8. sobota &#8211; THL &#8211; Kozmice veter\u00e1n &#8211; okres T\u00e1bor<br \/>\n<\/span><span class=\"s1\">23.8. ned\u011ble &#8211; THL &#8211; Bezd\u011b\u010d\u00edn &#8211; okres T\u00e1bor<br \/>\n<\/span><span class=\"s1\">29.8.<span class=\"Apple-converted-space\"> s<\/span>obota &#8211; THL &#8211; Zdislavice &#8211; okres Bene\u0161ov<br \/>\n<\/span><span class=\"s1\">29.8. sobota<span class=\"Apple-converted-space\"> &#8211; <\/span>BL &#8211; Nal\u017eovice<br \/>\n<\/span><span class=\"s1\">30.8. ned\u011ble<span class=\"Apple-converted-space\"> &#8211; <\/span>BL &#8211; Nal\u017eovice &#8211; fin\u00e1le<br \/>\n<\/span><span class=\"s1\">5.9. sobota<span class=\"Apple-converted-space\"> &#8211; <\/span>THL &#8211; Zho\u0159 u T\u00e1bora &#8211; veter\u00e1n &#8211; okres T\u00e1bor<br \/>\n<\/span><span class=\"s1\">12.9. sobota<span class=\"Apple-converted-space\"> &#8211; <\/span>OSH P\u0159\u00edbram &#8211; poh\u00e1r ORR nad 35. let &#8211; H\u0159\u00edm\u011b\u017edice?<br \/>\n<\/span><span class=\"s1\">13.9. ned\u011ble &#8211; krajsk\u00e9 setk\u00e1n\u00ed p\u0159\u00edpravek<br \/>\n<\/span><span class=\"s1\">3.10. sobota &#8211; 1.kolo &#8211; Plamen 2019-20120<br \/>\n<\/span><span class=\"s1\">3.10. sobota<span class=\"Apple-converted-space\"> &#8211; <\/span>Slavnostn\u00ed vyhl\u00e1\u0161en\u00ed &#8211; KD<span class=\"Apple-converted-space\">&nbsp; <\/span>Mal\u0161ice &#8211; okres T\u00e1bor<br \/>\n<\/span><span class=\"s1\">10.10. sobota<span class=\"Apple-converted-space\"> &#8211; <\/span>Memori\u00e1l Vlastimila Reitspiese &#8211; Chlum\u010dany &#8211; Plze\u0148<br \/>\n<\/span><span class=\"s1\">17.10. &#8211; 18.10. &#8211; \u0160kolen\u00ed vedouc\u00edch ml\u00e1de\u017ee<br \/>\n<\/span><span class=\"s1\">17.11. sobota &#8211; Zimn\u00ed sout\u011b\u017e mlad\u00fdch hasi\u010d\u016f Svat\u00e9 Pole ? &#8211; 14.11.?<br \/>\n<\/span><span class=\"s1\">28.11. sobota &#8211; 2.kolo &#8211; Zimn\u00ed sout\u011b\u017e mlad\u00fdch hasi\u010d\u016f P\u0159\u00edbram<br \/>\n<\/span><span class=\"s1\">4.12. p\u00e1tek &#8211; V\u00fdro\u010dn\u00ed valn\u00e1 hromada SDH Svat\u00e9 Pole<\/span><\/p>\n<p><span class=\"s1\">9.1.2021 &#8211; sobota<span class=\"Apple-converted-space\">&nbsp; <\/span>Ples SDH Svat\u00e9 Pole, hudba &#8211; Dynamic Band<\/span><\/p>\n<p class=\"p2\"><strong><span class=\"s1\">Ka\u017ed\u00e9 1 \u00fater\u00fd v m\u011bs\u00edci, se kon\u00e1 v\u00fdborov\u00e1 sch\u016fze SDH Svat\u00e9 Pole v restauraci Na Chmelnici od 19.00 hodin, v zim\u011b od 18.00 hodin. <a href=\"https:\/\/www.sdhsvatepole.cz\/archiv\/kategorie\/schuze-sdh\/\">\u010d\u00edst v\u00edce &gt;<\/a><br \/>\n<\/span><\/strong><\/p>\n<h3>Pl\u00e1novan\u00e9 akce &#8211; rok 2019<\/h3>\n<p class=\"p1\"><span class=\"s1\">5.1. &#8211; sobota &#8211; Hasi\u010dsk\u00fd ples \u2013kulturn\u00ed d\u016fm Svat\u00e9 Pole<br \/>\n<\/span>12.1. &#8211; sobota &#8211; Doln\u00ed Hradi\u0161t\u011b- ICE Cup okres PS<br \/>\n26.1.<span class=\"Apple-converted-space\">&nbsp;&#8211;&nbsp;<\/span>sobota&nbsp;&#8211;&nbsp;Un\u011b\u0161ov\u2014ICE Cup okres PS<br \/>\n8.2. &#8211; p\u00e1tek<span class=\"Apple-converted-space\">&nbsp;&#8211;&nbsp;<\/span>Pln\u011bn\u00ed odbornost\u00ed<span class=\"Apple-converted-space\">&nbsp; <\/span>MH<br \/>\n9.2. &#8211; sobota&nbsp;&#8211;&nbsp;Nev\u0159e\u0148\u2014ICE<span class=\"Apple-converted-space\">&nbsp; <\/span>Cup<span class=\"Apple-converted-space\">&nbsp; <\/span>okres PS<br \/>\n23.2.<span class=\"Apple-converted-space\">&nbsp;&#8211;&nbsp;<\/span>sobota<span class=\"Apple-converted-space\">&nbsp;&#8211;&nbsp;<\/span>\u0160kolen\u00ed rozhod\u010d\u00edch<span class=\"Apple-converted-space\">&nbsp; <\/span>MH<br \/>\n9.3. &#8211; sobota<span class=\"Apple-converted-space\">&nbsp;&#8211;&nbsp;<\/span>\u0160kolen\u00ed rozhod\u010d\u00edch PS-dosp\u011bl\u00ed<br \/>\n30.3.<span class=\"Apple-converted-space\">&nbsp;&#8211;&nbsp;<\/span>sobota&nbsp;&#8211;&nbsp;MH -ZPV \u2013 Plamen-Ro\u017emit\u00e1l p.T\u0159,<br \/>\n14.4.<span class=\"Apple-converted-space\">&nbsp;&#8211;&nbsp;<\/span>ned\u011ble &#8211;&nbsp;P\u0159\u00edpravka \u2013ZPV \u2013 Nechvalice<br \/>\n20.4.<span class=\"Apple-converted-space\">&nbsp;&#8211;&nbsp;<\/span>sobota&nbsp;&#8211;&nbsp;Zde\u0161ov \u2013Velikono\u010dn\u00ed sout\u011b\u017e okr. JH<br \/>\n30.4 .<span class=\"Apple-converted-space\">&nbsp;&#8211;&nbsp;<\/span>\u00fater\u00fd&nbsp;&#8211;&nbsp;Stav\u011bn\u00ed m\u00e1je-n\u00e1ves Svat\u00e9 Pole<br \/>\n11.5.<span class=\"Apple-converted-space\">&nbsp;&#8211;&nbsp;<\/span>sobota&nbsp;&#8211;&nbsp;THL-Dvorce- 13.00 hod. \u2014veter\u00e1n 35+<br \/>\n18.5.<span class=\"Apple-converted-space\">&nbsp;&#8211;&nbsp;<\/span>sobota&nbsp;&#8211;&nbsp;THL-\u017d\u010far &#8211;<span class=\"Apple-converted-space\">&nbsp;<\/span>13.00 hod. \u2014veter\u00e1n 35+<br \/>\n18.5.<span class=\"Apple-converted-space\">&nbsp;&#8211;&nbsp;<\/span>sobota&nbsp;&#8211;&nbsp;Okrskov\u00e1 sout\u011b\u017e 10.00 hod. -Bud\u00ednek<br \/>\n25.5.<span class=\"Apple-converted-space\">&nbsp;&#8211;&nbsp;<\/span>sobota&nbsp;&#8211;&nbsp;Z\u00e1v\u011br hry<span class=\"Apple-converted-space\">&nbsp; <\/span>Plamen 2019-Petrovice<br \/>\n25.5.<span class=\"Apple-converted-space\">&nbsp;&#8211;&nbsp;<\/span>sobota<span class=\"Apple-converted-space\">&nbsp;&#8211;&nbsp;<\/span>Poh\u00e1r starosty SDH Bud\u00ednek<br \/>\n1.6. &#8211; sobota &#8211;&nbsp;1.kolo PS B\u0159eznice<br \/>\n8.6. &#8211; sobota&nbsp;&#8211;&nbsp;THL \u2013Tu\u010dapy \u201317.00 hod.\u2014veter\u00e1n 35+<br \/>\n8.6. &#8211; sobota<span class=\"Apple-converted-space\">&nbsp;&#8211;&nbsp;<\/span>BL-Zalu\u017eany \u2013 sport \u2013veter\u00e1n<span class=\"Apple-converted-space\">&nbsp; <\/span>35+<br \/>\n9.6. &#8211; ned\u011ble<span class=\"Apple-converted-space\">&nbsp;&#8211;&nbsp;<\/span>BL-B\u0159eznice \u2013sport<span class=\"Apple-converted-space\">&nbsp; <\/span>-veter\u00e1n 35+ <span class=\"Apple-converted-space\"><br \/>\n<\/span>9.6. &#8211; ned\u011ble&nbsp;&#8211;&nbsp;P\u0159\u00edpravka \u2013z\u00e1v\u011br hry -Kosova Hora<br \/>\n29.6. &#8211; sobota&nbsp;&#8211;&nbsp;THL-Chrbon\u00edn- 13.00&nbsp;hod. &#8211; veter\u00e1n 35+<br \/>\n29.6. &#8211; sobota &#8211;<span class=\"Apple-converted-space\">&nbsp;<\/span>BL- Rad\u00ed\u010d \u2013sport<br \/>\n30.6. &#8211; ned\u011ble&nbsp;&#8211;&nbsp;BL- K\u0159e\u010dovice &#8211; sport<br \/>\n30.6.<span class=\"Apple-converted-space\">&nbsp;&#8211;&nbsp;<\/span>ned\u011ble&nbsp;&#8211;&nbsp;THL- Slapy -11.00 hod.\u2014veter\u00e1n 35+<br \/>\n26.6. &#8211; 30.6. &#8211; Soust\u0159ed\u011bn\u00ed mlad\u00fdch hasi\u010d\u016f V\u011b\u0161\u00edn<br \/>\n13.7. &#8211;<span class=\"Apple-converted-space\">&nbsp;<\/span>sobota<span class=\"Apple-converted-space\">&nbsp;&#8211;&nbsp;<\/span>BL \u2013 Vranovice \u2013 sport \u2013veter\u00e1n 35+<br \/>\n14.7. &#8211;<span class=\"Apple-converted-space\">&nbsp;<\/span>ned\u011ble<span class=\"Apple-converted-space\">&nbsp;&#8211;&nbsp;<\/span>BL \u2013 Vranovice \u2013 sport \u2013veter\u00e1n 35+<br \/>\n27.7. &#8211;<span class=\"Apple-converted-space\">&nbsp;<\/span>sobota<span class=\"Apple-converted-space\">&nbsp;&#8211;&nbsp;<\/span>BL-<span class=\"Apple-converted-space\">&nbsp; <\/span>Mal\u00e9 P\u0159\u00edlepy \u2013 sport<br \/>\n28.7. &#8211;<span class=\"Apple-converted-space\">&nbsp;<\/span>ned\u011ble<span class=\"Apple-converted-space\">&nbsp;&#8211;&nbsp;<\/span>BL- Broumy \u2013 sport<br \/>\n3.8. &#8211; sobota&nbsp;&#8211;&nbsp;THL-\u0158epe\u010d- 13.00 hod.\u2014veter\u00e1n 35+<br \/>\n3.8. &#8211; sobota<span class=\"Apple-converted-space\">&nbsp;&#8211;&nbsp;<\/span>BL- Nal\u017eovice \u2013sport 12.00&nbsp;hod.<br \/>\n4.8. &#8211; ned\u011ble&nbsp;&#8211;&nbsp;BL- Jesenice \u2013 sport 10.00&nbsp;hod.<br \/>\n10.8. &#8211; sobota &#8211;&nbsp;MH-Star\u00e1 Hu\u0165-po\u017e\u00e1rn\u00ed \u00fatok<br \/>\n17.8.<span class=\"Apple-converted-space\">&nbsp;&#8211;&nbsp;<\/span>sobota &#8211; BL-Sedl\u010dany \u2013 sport \u2013veter\u00e1n 35+ <a href=\"https:\/\/www.sdhsvatepole.cz\/archiv\/uplynuly-zavodni-vikend-17-8-18-8-2019\/\">\u010d\u00edst v\u00edce &gt;<\/a><br \/>\n17.8. &#8211; sobota<span class=\"Apple-converted-space\">&nbsp;&#8211;&nbsp;<\/span>THL-Chot\u011bmice &#8211; 13.00 hod. &#8211; veter\u00e1n 35+ <a href=\"https:\/\/www.sdhsvatepole.cz\/archiv\/uplynuly-zavodni-vikend-17-8-18-8-2019\/\">\u010d\u00edst v\u00edce &gt;<\/a><br \/>\n18.8. &#8211; ned\u011ble &#8211; BL- Sedl\u010dany \u2013sport-veter\u00e1n 35+ <a href=\"https:\/\/www.sdhsvatepole.cz\/archiv\/uplynuly-zavodni-vikend-17-8-18-8-2019\/\">\u010d\u00edst v\u00edce &gt;<\/a><br \/>\n7.9. &#8211;<span class=\"Apple-converted-space\">&nbsp;<\/span>sobota<span class=\"Apple-converted-space\">&nbsp;&#8211;&nbsp;<\/span>THL-Zho\u0159 u T\u00e1bora &#8211; 11.00 hod. \u2014veter\u00e1n 35+ <a href=\"https:\/\/www.sdhsvatepole.cz\/archiv\/taborska-hasicska-liga-finale-7-8-2019\/\">\u010d\u00edst v\u00edce &gt;<\/a><br \/>\n14.9. &#8211;<span class=\"Apple-converted-space\">&nbsp;<\/span>sobota<span class=\"Apple-converted-space\">&nbsp;&#8211;&nbsp;<\/span>OSH PB &#8211; poh\u00e1r ORR nad 35.let-Ro\u017emit\u00e1l p. T\u0159. <a href=\"https:\/\/www.sdhsvatepole.cz\/archiv\/pohar-vedouciho-odborne-rady-represe-okresu-pribram-2019\/\">\u010d\u00edst v\u00edce &gt;<\/a><br \/>\n15.9. &#8211;<span class=\"Apple-converted-space\">&nbsp;<\/span>ned\u011ble &#8211; P\u0159\u00edpravka-M\u011bln\u00edk krajsk\u00e9 setk\u00e1n\u00ed p\u0159\u00edpravek <a href=\"https:\/\/www.sdhsvatepole.cz\/archiv\/soutez-plaminek-libis-2019\/\">\u010d\u00edst v\u00edce &gt;<\/a><br \/>\n5.10. &#8211;<span class=\"Apple-converted-space\">&nbsp;<\/span>sobota &#8211; 1. kolo Plamen 2019-2020<br \/>\n5.10. &#8211;<span class=\"Apple-converted-space\">&nbsp;<\/span>sobota<span class=\"Apple-converted-space\">&nbsp;&#8211;&nbsp;<\/span>Slavnostn\u00ed vyhl\u00e1\u0161en\u00ed THL-Mal\u0161ice<br \/>\n19.10. &#8211; 20.10.&nbsp;&#8211;&nbsp;\u0160kolen\u00ed vedouc\u00edch ml\u00e1de\u017ee<br \/>\n2.11. &#8211;<span class=\"Apple-converted-space\">&nbsp;<\/span>sobota&nbsp;&#8211;&nbsp;BL- slavnostn\u00ed vyhl\u00e1\u0161en\u00ed- m\u00edsto bude up\u0159esn\u011bno<br \/>\n16.11.<span class=\"Apple-converted-space\">&nbsp;&#8211;&nbsp;<\/span>sobota &#8211; Zimn\u00ed sout\u011b\u017e mlad\u00fdch hasi\u010d\u016f Svat\u00e9 Pole<br \/>\n23.11. &#8211; sobota<span class=\"Apple-converted-space\">&nbsp;&#8211;&nbsp;<\/span>Zimn\u00ed sout\u011b\u017e mlad\u00fdch hasi\u010d\u016f P\u0159\u00edbram<br \/>\n6.12. &#8211; p\u00e1tek&nbsp;&#8211;&nbsp;V\u00fdro\u010dn\u00ed valn\u00e1 hromada SDH Svat\u00e9 Pole<br \/>\n4.1. 2020 &#8211; sobota<span class=\"Apple-converted-space\">&nbsp;&nbsp;<\/span>Ples SDH Svat\u00e9 Pole hudba- Dynamic Band<\/p>\n<h4 class=\"p1\"><span class=\"s1\">Ka\u017ed\u00e9 prvn\u00ed \u00fater\u00fd v&nbsp;m\u011bs\u00edci, se kon\u00e1 sch\u016fze v\u00fdboru SDH Svat\u00e9 Pole, v&nbsp;restauraci Na Chmelnici od 19.00 hod.&nbsp;<a href=\"https:\/\/www.sdhsvatepole.cz\/archiv\/kategorie\/schuze-sdh\/\" target=\"_blank\" rel=\"noopener noreferrer\">\u010d\u00edst v\u00edce &gt;<\/a><\/span><\/h4>\n<h3>Pl\u00e1novan\u00e9 akce &#8211; rok 2017<\/h3>\n<p>7. 1. 2017 &#8211;&nbsp;Tradi\u010dn\u00ed ples SDH Svat\u00e9 Pole, hudba Karel \u010cih\u00e1k DYNAMIC &nbsp;BAND<\/p>\n<h3>Pl\u00e1novan\u00e9 akce &#8211; rok 2016<\/h3>\n<p>15. 1. 2016 (p\u00e1tek) &#8211; Tradi\u010dn\u00ed ples SDH Svat\u00e9 Pole, hudba Karel \u010cih\u00e1k DYNAMIC &nbsp;BAND&nbsp;<a href=\"https:\/\/www.sdhsvatepole.cz\/archiv\/hasicsky-ples-2016\/\">\u010d\u00edst v\u00edce &gt;<br \/>\n<\/a>16. 3. 2016 &#8211; \u0160kolen\u00ed velitel\u016f a rozhod\u010d\u00edch okrsku<br \/>\n16. 4. 2016 &#8211; Prov\u011b\u0159ovac\u00ed cvi\u010den\u00ed okrsku 29, bude se konat v Druhlic\u00edch <a href=\"https:\/\/www.sdhsvatepole.cz\/archiv\/takticke-proverovaci-cviceni-okrsku-29-v-druhlicich-2016\/\">\u010d\u00edst v\u00edce &gt;<\/a><br \/>\n22-24. 4. 2016 &#8211; Soust\u0159ed\u011bn\u00ed sportovn\u00edho t\u00fdmu SDH Svat\u00e9 Pole (Petrovice)<br \/>\n27. 4. 2016 &#8211; K\u00e1cen\u00ed a dovoz m\u00e1jov\u00e9ho stromu <a href=\"https:\/\/www.sdhsvatepole.cz\/archiv\/kaceni-a-dovoz-majoveho-stromu-2016\/\">\u010d\u00edst v\u00edce &gt;<\/a><br \/>\n30. 4. 2016 &#8211; Stav\u011bn\u00ed m\u00e1je, oslava \u010darod\u011bjnic (p\u00e1len\u00ed ohn\u011b, op\u00e9k\u00e1n\u00ed bu\u0159t\u016f)&nbsp;<a href=\"https:\/\/www.sdhsvatepole.cz\/archiv\/kaceni-a-dovoz-majoveho-stromu-2016\/\">\u010d\u00edst v\u00edce &gt;<\/a><br \/>\n7. 5. 2016 &#8211; &nbsp;Jablonn\u00e1, kontroln\u00ed tr\u00e9nink camp<br \/>\n14. 5. 2016 &#8211; Sout\u011b\u017e okrsku \u010d. 29&nbsp;&#8211; Dalek\u00e9 Du\u0161niky&nbsp;<a href=\"https:\/\/www.sdhsvatepole.cz\/archiv\/okrskova-soutez-2016-daleke-dusniky\/\">\u010d\u00edst v\u00edce &gt;<\/a><br \/>\n22. 5. 2016 &#8211; M\u00e1jov\u00e9 slavnosti Dob\u0159\u00ed\u0161, sout\u011b\u017e<br \/>\n28. 5. 2016 &#8211; O poh\u00e1r starosty SDH Bud\u00ednek, sout\u011b\u017e <a href=\"https:\/\/www.sdhsvatepole.cz\/archiv\/o-pohar-starosty-sdh-budinek-2016\/\">\u010d\u00edst v\u00edce &gt;<\/a><br \/>\n4. 6. 2016 &#8211; Okresn\u00ed sout\u011b\u017e Sedl\u010dany, sout\u011b\u017e (pokud se kvalifikujeme)<br \/>\n11.6.2016 &#8211; Mok\u0159ice, 15. ro\u010dn\u00edk po\u017e\u00e1rn\u00edch \u00fatok\u016f <a href=\"https:\/\/www.sdhsvatepole.cz\/archiv\/sdh-mokrice-15-rocnik-a-nocni-soutez-v-dobrosovicich\/\">\u010d\u00edst v\u00edce &gt;<\/a><br \/>\n11. 6. 2016 &#8211; Dobro\u0161ovice, no\u010dn\u00ed sout\u011b\u017e <a href=\"https:\/\/www.sdhsvatepole.cz\/archiv\/sdh-mokrice-15-rocnik-a-nocni-soutez-v-dobrosovicich\/\">\u010d\u00edst v\u00edce &gt;<\/a><br \/>\n11. 6. 2016 &#8211; Brdsk\u00e1 liga &#8211; sout\u011b\u017e Zalu\u017eany<br \/>\n25. 6. 2016 &#8211; Brdsk\u00e1 liga &#8211; sout\u011b\u017e Tochovice <a href=\"https:\/\/www.sdhsvatepole.cz\/archiv\/brdska-liga-2016-tochovice-2-kolo\/\">\u010d\u00edst v\u00edce &gt;<\/a><br \/>\n2. 7. 2016 &#8211; Dublovice &#8211; sout\u011b\u017e O poh\u00e1r starosty<br \/>\n2. 7. 2016 &#8211; Horn\u00ed Hbity, no\u010dn\u00ed sout\u011b\u017e<br \/>\n5. 7. 2016 &#8211; Hod\u011bmy\u0161l, sout\u011b\u017e na 35 let<br \/>\n9. 7. 2016 &#8211; H\u0159\u00edm\u011b\u017edice, sout\u011b\u017e O poh\u00e1r starosty<br \/>\n9. 7. 2016 &#8211; Brdsk\u00e1 liga &#8211; sout\u011b\u017e Namnice <a href=\"https:\/\/www.sdhsvatepole.cz\/archiv\/brdska-liga-2016-dvojkolo-3-4-na-valse\/\">\u010d\u00edst v\u00edce &gt;<\/a><br \/>\n10. 7. 2016 &#8211; Brdsk\u00e1 liga &#8211;&nbsp;sout\u011b\u017e Chr\u00e1st&nbsp;<a href=\"https:\/\/www.sdhsvatepole.cz\/archiv\/brdska-liga-2016-dvojkolo-3-4-na-valse\/\">\u010d\u00edst v\u00edce &gt;<\/a><br \/>\n17. 7. 2016 &#8211; Brdsk\u00e1 liga &#8211; sout\u011b\u017e Nal\u017eovice<br \/>\n23. 7. 2016 &#8211; Brdsk\u00e1 liga &#8211; sout\u011b\u017e L\u00edchovy&nbsp;<a href=\"https:\/\/www.sdhsvatepole.cz\/archiv\/brdska-liga-2016-dvojkolo-6-7-solopysky\/\">\u010d\u00edst v\u00edce &gt;<\/a><br \/>\n24. 7. 2016 &#8211; Brdsk\u00e1 liga &#8211; sout\u011b\u017e Solopysky&nbsp;<a href=\"https:\/\/www.sdhsvatepole.cz\/archiv\/brdska-liga-2016-dvojkolo-6-7-solopysky\/\">\u010d\u00edst v\u00edce &gt;<br \/>\n<\/a>30. 7. 2016 &#8211; Brdsk\u00e1 liga &#8211; sout\u011b\u017e Mal\u00e9 P\u0159\u00edlepy Modr\u00e9&nbsp;<a href=\"https:\/\/www.sdhsvatepole.cz\/archiv\/brdska-liga-2016-dvojkolo-8-9-broumy\/\" target=\"_blank\" rel=\"noopener noreferrer\">\u010d\u00edst v\u00edce &gt;<\/a><br \/>\n31. 7. 2016 &#8211; Brdsk\u00e1 liga &#8211; sout\u011b\u017e Broumy&nbsp;<a href=\"https:\/\/www.sdhsvatepole.cz\/archiv\/brdska-liga-2016-dvojkolo-8-9-broumy\/\" target=\"_blank\" rel=\"noopener noreferrer\">\u010d\u00edst v\u00edce &gt;<\/a><br \/>\n6. 8. 2016 &#8211; Suchodol &#8211; sout\u011b\u017e Trubka cup<br \/>\n13. 8. 2016 &#8211; Star\u00e1 Hu\u0165 &#8211; Pou\u0165ov\u00e1 sout\u011b\u017e <a href=\"https:\/\/www.sdhsvatepole.cz\/archiv\/soutez-v-pozarnim-utoku-ve-stare-huti-2016\/\" target=\"_blank\" rel=\"noopener noreferrer\">\u010d\u00edst v\u00edce &gt;<\/a><br \/>\n20. 8. 2016 &#8211; Brdsk\u00e1 liga &#8211; sout\u011b\u017e Rad\u00ed\u010d <a href=\"https:\/\/www.sdhsvatepole.cz\/archiv\/brdska-liga-2016-dvojkolo-10-11-radic\/\">\u010d\u00edst v\u00edce &gt;<\/a><br \/>\n20. 8. 2016 &#8211; 90. let SDH Zal\u00e1ny&nbsp;sout\u011b\u017e<br \/>\n10. 9. 2016 &#8211; Brdsk\u00e1 liga &#8211; sout\u011b\u017e Sedl\u010dany &#8211; fin\u00e1le<br \/>\n17. 9. 2016 &#8211; OSH P\u0159\u00edbram &#8211; Poh\u00e1r vedouc\u00edho ORV, sout\u011b\u017e nad 35let<br \/>\n1. 10. 2016 &#8211; Pou\u0165ov\u00e9 setk\u00e1n\u00ed s ob\u010dany Svat\u00e9 Pole<br \/>\n9. 12. 2016 &#8211; V\u00fdro\u010dn\u00ed valn\u00e1 hromada SDH Svat\u00e9 Pole<\/p>\n<h3><span style=\"color: #000000;\">Prob\u011bhl\u00e9 akce &#8211; rok 2015<\/span><\/h3>\n<p>3. 1. 2015,&nbsp; 20:00 hod.&nbsp; &#8211; Tradi\u010dn\u00ed ples Hasi\u010d\u016f, &nbsp;hudba DYNAMIC &nbsp;BAND.&nbsp;<a href=\"https:\/\/www.sdhsvatepole.cz\/archiv\/3-1-2015-2000-hod-tradicni-ples-hasicu-hudba-dynamic-band\/\"><span style=\"color: #ff0000;\">\u010d\u00edst v\u00edce &gt;<\/span><br \/>\n<\/a>18. 4. 2015 &#8211; Prov\u011b\u0159ovac\u00ed cvi\u010den\u00ed okrsku 29.&nbsp;<span style=\"color: #ff0000;\"><a style=\"color: #ff0000;\" href=\"https:\/\/www.sdhsvatepole.cz\/archiv\/proverovaci-cviceni-okrsku-c-29-rok-2015\/\">\u010d\u00edst v\u00edce &gt;<\/a><\/span><br \/>\n26. 4. 2015, 17:00 hod. &#8211; V\u00fdb\u011br a k\u00e1cen\u00ed m\u00e1jov\u00e9ho stromu v lese&nbsp;<span style=\"color: #ff0000;\"><a style=\"color: #ff0000;\" href=\"https:\/\/www.sdhsvatepole.cz\/archiv\/26-4-2015-1700-hod-vyber-a-kaceni-majoveho-stromu\/\">\u010d\u00edst v\u00edce &gt;<\/a><\/span><br \/>\n30. 4. 2015, 18:00 hod. &#8211; Stav\u011bn\u00ed M\u00e1je a p\u00e1len\u00ed t\u00e1borov\u00e9ho ohn\u011b s op\u00e9k\u00e1n\u00edm bu\u0159t\u016f&nbsp;<span style=\"color: #ff0000;\"><a style=\"color: #ff0000;\" href=\"https:\/\/www.sdhsvatepole.cz\/archiv\/30-4-2015-1800-hod-staveni-maje-a-paleni-taboroveho-ohne-s-opekanim-burtu\/\">\u010d\u00edst v\u00edce &gt;<\/a><\/span><br \/>\n16. 5. 2015, 9:00 hod. &#8211; Okrskov\u00e1 sout\u011b\u017e, Dlouh\u00e1 Lhota&nbsp;<span style=\"color: #ff0000;\"><a style=\"color: #ff0000;\" href=\"https:\/\/www.sdhsvatepole.cz\/archiv\/okrskova-soutez-2015-dlouha-lhota-foto-a-video\/\">\u010d\u00edst v\u00edce &gt;<\/a><\/span><br \/>\n23. 5. 2015, 13:00 hod. &#8211; 4. ro\u010dn\u00edk sout\u011b\u017ee O Bud\u00ednsk\u00fd putovn\u00ed poh\u00e1r&nbsp;<span style=\"color: #ff0000;\"><a style=\"color: #ff0000;\" href=\"https:\/\/www.sdhsvatepole.cz\/archiv\/budinek-soutez-o-pohar-starosty-sdh-budinek-2015-foto-a-video\/\">\u010d\u00edst v\u00edce &gt;<\/a><\/span><br \/>\n6. 6. 2015 &#8211; Okresn\u00ed sout\u011b\u017e &#8211; Sedl\u010dany (pokud se kvalifikujeme)<br \/>\n<span style=\"line-height: 1.5;\">13. &#8211; 14. 6. 2015 &#8211; Krajsk\u00e1 sout\u011b\u017e Nymburk &#8211; fin\u00e1le sout\u011b\u017ee \u201eDobr\u00e1ci roku\u201c&nbsp;<span style=\"color: #ff0000;\"><a style=\"color: #ff0000;\" href=\"https:\/\/www.sdhsvatepole.cz\/archiv\/dobraci-roku-2015-foto-a-video\/\">\u010d\u00edst v\u00edce &gt;<\/a><\/span><br \/>\n4. 7. 2015, 15:00 hod. &#8211; Oslava 85 let zalo\u017een\u00ed SDH Lhotka&nbsp;<span style=\"color: #ff0000;\"><a style=\"color: #ff0000;\" href=\"https:\/\/www.sdhsvatepole.cz\/archiv\/sdh-lhotka-vyroci-85-let-zalozeni-sboru\/\">\u010d\u00edst v\u00edce &gt;<br \/>\n<\/a><\/span><\/span>19.9.2015, 13:00 hod. &#8211; 12 ro\u010dn\u00edk sout\u011b\u017ee dru\u017estev nad 35 let \u2013 Bud\u00ednek 2015 <a href=\"https:\/\/www.sdhsvatepole.cz\/archiv\/12-rocnik-souteze-druzstev-nad-35-let-budinek-2015\/\">\u010d\u00edst v\u00edce &gt;<\/a><br \/>\n26. 9. 2015&nbsp; &#8211; Oslava 115 let zalo\u017een\u00ed SDH Svat\u00e9 Pole, hudba &#8211; Karel \u010cih\u00e1k DYNAMIC &nbsp;BAND <a href=\"https:\/\/www.sdhsvatepole.cz\/archiv\/pozvanka-na-oslavu-zalozeni-sdh-ve-svatem-poli\/\">\u010d\u00edst v\u00edce &gt;<br \/>\n<\/a>11. 12. 2015&nbsp; &#8211; V\u00fdro\u010dn\u00ed valn\u00e1 hromada SDH Svat\u00e9 Pole&nbsp;<a href=\"https:\/\/www.sdhsvatepole.cz\/archiv\/valna-hromada-sdh-svate-pole-2015\/\">\u010d\u00edst v\u00edce &gt;<\/a><\/p>\n<p><strong><span style=\"text-decoration: underline;\">Ostatn\u00ed sout\u011b\u017ee 2015:<\/span><\/strong><br \/>\n23. 5. 2015 &#8211; Bud\u00ednek &#8211; O Poh\u00e1r starosty SDH Bud\u00ednek&nbsp;<span style=\"color: #ff0000;\"><a style=\"color: #ff0000;\" href=\"https:\/\/www.sdhsvatepole.cz\/archiv\/budinek-soutez-o-pohar-starosty-sdh-budinek-2015-foto-a-video\/\">\u010d\u00edst v\u00edce &gt;<\/a><\/span><br \/>\n24. 5. 2015 &#8211; Dob\u0159\u00ed\u0161 &#8211; M\u00e1jov\u00e9 slavnosti<br \/>\n13. 6. 2015 &#8211; Dobro\u0161ov Cup &#8211; no\u010dn\u00ed<br \/>\n4. 7. 2015 &#8211; O poh\u00e1r zaslou\u017eil\u00fdch \u010dlen\u016f SDH Dublovice <span style=\"color: #ff0000;\"><a style=\"color: #ff0000;\" href=\"https:\/\/www.sdhsvatepole.cz\/archiv\/o-pohar-zaslouzilych-clenu-sdh-dublovice-2015\/\">\u010d\u00edst v\u00edce &gt;<\/a><\/span><br \/>\n5. 7. 2015 &#8211; Hod\u011bmy\u0161l &#8211; Memori\u00e1l \u010ce\u0148ka Pol\u00e1ka (mu\u017ei nad 35 let)<br \/>\n<span style=\"line-height: 1.5;\">11. 7. 2015 &#8211; O poh\u00e1r&nbsp;zaslou\u017eil\u00fdch \u010dlen\u016f SDH H\u0159\u00edm\u011b\u017edice <span style=\"color: #ff0000;\"><a style=\"color: #ff0000;\" href=\"https:\/\/www.sdhsvatepole.cz\/archiv\/o-pohar-zaslouzilych-clenu-sdh-hrimezdice-2015\/\">\u010d\u00edst v\u00edce &gt;<\/a><\/span><br \/>\n<\/span><span style=\"line-height: 1.5;\">8. 8. 2015 &#8211; Suchodol &#8211; Trubka cup<br \/>\n<\/span><span style=\"line-height: 1.5;\">22. 8. 2015 &#8211; Mok\u0159ice &#8211; no\u010dn\u00ed sout\u011b\u017e<br \/>\n<\/span><span style=\"line-height: 1.5;\">5. 9. 2015 &#8211; Pi\u010d\u00ednsk\u00fd klacek<br \/>\n<\/span><span style=\"line-height: 1.5;\">19. 9. 2015 &#8211; OSH P\u0159\u00edbram &#8211; O Poh\u00e1r ORV (mu\u017ei nad 35let)<\/span><\/p>\n<h3><span style=\"color: #000000;\"> Prob\u011bhl\u00e9 akce &#8211; rok 2014<\/span><\/h3>\n<p>27. 4. 2014 &#8211; 18:00 hod. Odjezd pro M\u00e1jov\u00fd strom do lesa na Bud\u00edn. <span style=\"color: #ff0000;\"><a style=\"color: #ff0000;\" href=\"https:\/\/www.sdhsvatepole.cz\/archiv\/27-4-2014-vyber-a-kaceni-majoveho-stromu-v-lese-na-budine\/\">\u010d\u00edst v\u00edce &gt;<\/a><\/span><br \/>\n28. 4. 2014 &#8211; 19:00 hod. Sch\u016fze okrsku 29. Na Chmelnici.&nbsp;<span style=\"color: #ff0000;\"><a style=\"color: #ff0000;\" href=\"https:\/\/www.sdhsvatepole.cz\/archiv\/28-4-2014-19-00-hod-schuze-okrsku-29-rest-na-chmelnici\/\">\u010d\u00edst v\u00edce &gt;<\/a><\/span><br \/>\n30. 4. 2014 &#8211; 18:00 hod. Stav\u011bn\u00ed M\u00e1je a p\u00e1len\u00ed t\u00e1borov\u00e9ho ohn\u011b s op\u00e9k\u00e1n\u00edm bu\u0159t\u016f u restaurace Na Chmelnici.&nbsp;<span style=\"color: #ff0000;\"><a style=\"color: #ff0000;\" href=\"https:\/\/www.sdhsvatepole.cz\/archiv\/30-4-2014-18-00-hod-staveni-maje-a-paleni-taboroveho-ohne-s-opekanim-burtu\/\">\u010d\u00edst v\u00edce &gt;<\/a><\/span><br \/>\n5. 5. 2014 &#8211; 19:00 hod. Sch\u016fze v\u00fdboru SDH Svat\u00e9 Pole.&nbsp;<span style=\"color: #ff0000;\"><a style=\"color: #ff0000;\" href=\"https:\/\/www.sdhsvatepole.cz\/archiv\/5-5-2014-1900-hod-schuze-vyboru-sdh-svate-pole\/\">\u010d\u00edst v\u00edce &gt;<\/a><\/span><br \/>\n10. 5. 2014 &#8211; 13:00 hod. Okrskov\u00e1 sout\u011b\u017e Obo\u0159i\u0161t\u011b.&nbsp;<span style=\"color: #ff0000;\"><a style=\"color: #ff0000;\" href=\"https:\/\/www.sdhsvatepole.cz\/archiv\/10-5-2014-1300-hod-okrskova-soutez-oboriste\/\">\u010d\u00edst v\u00edce &gt;<\/a><\/span><br \/>\n24. 5. 2014 &#8211; 13:00 hod. Bud\u00ednek sout\u011b\u017e O poh\u00e1r starosty SDH Bud\u00ednek.&nbsp;<span style=\"color: #ff0000;\"><a style=\"color: #ff0000;\" href=\"https:\/\/www.sdhsvatepole.cz\/archiv\/24-5-2014-1300-hod-budinek-soutez-o-pohar-starosty-sdh-budinek\/\">\u010d\u00edst v\u00edce &gt;<\/a><\/span><br \/>\n25. 5. 2014 &#8211; 10:00 hod. Dob\u0159\u00ed\u0161sk\u00e9 M\u00e1jov\u00e9 slavnosti &#8211; sout\u011b\u017e.&nbsp;<span style=\"color: #ff0000;\"><a style=\"color: #ff0000;\" href=\"https:\/\/www.sdhsvatepole.cz\/archiv\/25-5-2014-1000-hod-dobrisske-majove-slavnosti-soutez\/\">\u010d\u00edst v\u00edce &gt;<\/a><\/span><br \/>\n31. 5. 2014 &#8211; 08:00 hod. Okresn\u00ed sout\u011b\u017e v Po\u017e\u00e1rn\u00edm sportu Sedl\u010dany.&nbsp;<span style=\"color: #ff0000;\"><a style=\"color: #ff0000;\" href=\"https:\/\/www.sdhsvatepole.cz\/archiv\/31-5-2014-0800-hod-okresni-soutez-v-pozarnim-sportu-sedlcany\/\">\u010d\u00edst v\u00edce &gt;<\/a><\/span><br \/>\n21. 6. 2014 &#8211; 13:00 hod. Oslavy 130 let trv\u00e1n\u00ed sboru SDH Obo\u0159i\u0161t\u011b.&nbsp;<span style=\"color: #ff0000;\"><a style=\"color: #ff0000;\" href=\"https:\/\/www.sdhsvatepole.cz\/archiv\/21-6-2014-1300-hod-oslavy-130-let-trvani-sboru-sdh-oboriste\/\">\u010d\u00edst v\u00edce &gt;<\/a><\/span><br \/>\n20. 9. 2014 &#8211; 13:00 hod. 11.ro\u010dn\u00edk sout\u011b\u017ee dru\u017estev nad 35 let.&nbsp;<span style=\"color: #ff0000;\"><a style=\"color: #ff0000;\" href=\"https:\/\/www.sdhsvatepole.cz\/archiv\/20-9-2014-1300-hod-11-rocnik-souteze-druzstev-nad-35-let\/\">\u010d\u00edst v\u00edce &gt;<\/a><\/span><br \/>\n27. 9. 2014 &#8211; 13:00 hod. Svat\u00e9 Pole \u2013 pou\u0165ov\u00e9 setk\u00e1n\u00ed ob\u010dan\u016f.&nbsp;<span style=\"color: #ff0000;\"><a style=\"color: #ff0000;\" href=\"https:\/\/www.sdhsvatepole.cz\/archiv\/27-9-2014-1300-hod-svate-pole-poutove-setkani-obcanu\/\">\u010d\u00edst v\u00edce &gt;<\/a><\/span><br \/>\n12. 12. 2014 &#8211; 19:00 hod. V\u00fdro\u010dn\u00ed sch\u016fze SDH Svat\u00e9 Pole Na Chmelnici.&nbsp;<a href=\"https:\/\/www.sdhsvatepole.cz\/archiv\/12-12-2014-1900-hod-vyrocni-schuze-sdh-svate-pole-na-chmelnici\/\"><span style=\"color: #ff0000;\">\u010d\u00edst v\u00edce&nbsp;&gt;<\/span><br \/>\n<\/a><\/p>\n","protected":false},"excerpt":{"rendered":"<p>N\u00ed\u017ee m\u016f\u017eete proch\u00e1zet pl\u00e1novan\u00e9 a ji\u017e prob\u011bhl\u00e9 akce po\u0159\u00e1dan\u00e9 s \u00fa\u010dast\u00ed, nebo pod z\u00e1\u0161titou SDH [&hellip;]<\/p>\n","protected":false},"author":3,"featured_media":0,"parent":0,"menu_order":0,"comment_status":"open","ping_status":"closed","template":"side-navigation.php","meta":{"_bbp_topic_count":0,"_bbp_reply_count":0,"_bbp_total_topic_count":0,"_bbp_total_reply_count":0,"_bbp_voice_count":0,"_bbp_anonymous_reply_count":0,"_bbp_topic_count_hidden":0,"_bbp_reply_count_hidden":0,"_bbp_forum_subforum_count":0,"ngg_post_thumbnail":0,"footnotes":""},"_links":{"self":[{"href":"https:\/\/www.sdhsvatepole.cz\/archiv\/wp-json\/wp\/v2\/pages\/4972"}],"collection":[{"href":"https:\/\/www.sdhsvatepole.cz\/archiv\/wp-json\/wp\/v2\/pages"}],"about":[{"href":"https:\/\/www.sdhsvatepole.cz\/archiv\/wp-json\/wp\/v2\/types\/page"}],"author":[{"embeddable":true,"href":"https:\/\/www.sdhsvatepole.cz\/archiv\/wp-json\/wp\/v2\/users\/3"}],"replies":[{"embeddable":true,"href":"https:\/\/www.sdhsvatepole.cz\/archiv\/wp-json\/wp\/v2\/comments?post=4972"}],"version-history":[{"count":110,"href":"https:\/\/www.sdhsvatepole.cz\/archiv\/wp-json\/wp\/v2\/pages\/4972\/revisions"}],"predecessor-version":[{"id":10331,"href":"https:\/\/www.sdhsvatepole.cz\/archiv\/wp-json\/wp\/v2\/pages\/4972\/revisions\/10331"}],"wp:attachment":[{"href":"https:\/\/www.sdhsvatepole.cz\/archiv\/wp-json\/wp\/v2\/media?parent=4972"}],"curies":[{"name":"wp","href":"https:\/\/api.w.org\/{rel}","templated":true}]}}